{"id":154,"date":"2020-05-17T15:10:50","date_gmt":"2020-05-17T15:10:50","guid":{"rendered":"https:\/\/presto.fr\/fr\/?page_id=154"},"modified":"2025-09-25T11:48:55","modified_gmt":"2025-09-25T09:48:55","slug":"mentions-legales","status":"publish","type":"page","link":"https:\/\/presto.fr\/fr\/mentions-legales\/","title":{"rendered":"Mentions l\u00e9gales"},"content":{"rendered":"<div class=\"wpb-content-wrapper\"><p>[vc_row][vc_column][rev_slider_vc alias=\u00a0\u00bbmentions-legales\u00a0\u00bb][\/vc_column][\/vc_row][vc_row][vc_column][vc_column_text css=\u00a0\u00bb\u00a0\u00bb]<span style=\"color: #000000;\"><strong>\u00c9DITION DU SITE INTERNET<\/strong><\/span><\/p>\n<p><span style=\"color: #000000;\">Le site\u00a0<strong>www.presto.fr<\/strong> (ci-apr\u00e8s \u00ab le site \u00bb) est \u00e9dit\u00e9 par l&rsquo;entreprise PRESTO (ci-apr\u00e8s \u00ab l\u2019\u00e9diteur \u00bb),<\/span><\/p>\n<p><span style=\"color: #000000;\">dont le si\u00e8ge social est situ\u00e9\u00a07 rue Racine &#8211; 92542 MONTROUGE CEDEX<\/span>[\/vc_column_text][vc_column_text]<span style=\"color: #000000;\"><strong>R\u00c9DACTION DU SITE INTERNET<\/strong><\/span><\/p>\n<p><span style=\"color: #000000;\">Directeur de la publication :\u00a0PRESTO<\/span><br \/>\n<span style=\"color: #000000;\">Nom du responsable de la r\u00e9daction du site :\u00a0PRESTO<\/span><br \/>\n<span style=\"color: #000000;\">Contact : <span class=\"m_7447738301094632802apple-converted-space\">\u00a0<\/span><a href=\"mailto:serviceweb@presto.fr\" target=\"_blank\" rel=\"noopener noreferrer\">serviceweb@presto.fr<\/a><\/span>[\/vc_column_text][vc_column_text]<span style=\"color: #000000;\"><strong>H\u00c9BERGEUR DU SITE INTERNET<\/strong><\/span><\/p>\n<p><span style=\"color: #000000;\">Le site\u00a0<strong>www.presto.fr<\/strong>\u00a0est h\u00e9berg\u00e9 par OVH, SAS au capital de\u00a010 059 500\u00a0euros,<\/span><br \/>\n<span style=\"color: #000000;\">dont le si\u00e8ge social est situ\u00e9 2 Rue Kellermann 59100 Roubaix, 1007.<\/span><\/p>\n<p><span style=\"color: #000000;\">AGENCE DE COMMUNICATION<\/span><\/p>\n<p><span style=\"color: #000000;\">D\u00e9nomination sociale : WebexpR<\/span><br \/>\n<span style=\"color: #000000;\">Adresse si\u00e8ge social : 249 Rue Ir\u00e8ne Joliot Curie, 60610 La Croix Saint Ouen<\/span><br \/>\n<span style=\"color: #000000;\">N\u00b0 de t\u00e9l\u00e9phone et\/ou adresse email :\u00a003 65 98 01 09<\/span>[\/vc_column_text][vc_column_text]<span style=\"color: #000000;\"><strong>COOKIES<\/strong><\/span><\/p>\n<p><span style=\"color: #000000;\">Le site peut collecter automatiquement des informations standards telles que tous types d\u2019informations personnalis\u00e9es qui permettent au site d\u2019identifier ses visiteurs. Toutes les informations collect\u00e9es indirectement ne seront utilis\u00e9es que pour suivre le volume, le type et la configuration du trafic utilisant ce site, pour en d\u00e9velopper la conception et l\u2019agencement et \u00e0 d\u2019autres fins administratives et de planifications et plus g\u00e9n\u00e9ralement pour am\u00e9liorer le service que nous vous offrons. Vous avez la possibilit\u00e9 de visiter le site en d\u00e9sactivant cette option dans les param\u00e8tres de votre navigateur.<\/span>[\/vc_column_text][vc_column_text]<span style=\"color: #000000;\"><strong>RESPECT DE LA PROPRI\u00c9T\u00c9 INTELLECTUELLE<\/strong><\/span><\/p>\n<p><span style=\"color: #000000;\">Toutes les marques, photographies, textes, commentaires, illustrations, images anim\u00e9es ou non, s\u00e9quences vid\u00e9o, sons, ainsi que toutes les applications informatiques qui pourraient \u00eatre utilis\u00e9es pour faire fonctionner le site et plus g\u00e9n\u00e9ralement tous les \u00e9l\u00e9ments reproduits ou utilis\u00e9s sur le site, sont prot\u00e9g\u00e9s par les lois en vigueur au titre de la propri\u00e9t\u00e9 intellectuelle.<\/span><\/p>\n<p><span style=\"color: #000000;\">Ils sont la propri\u00e9t\u00e9 pleine et enti\u00e8re de l\u2019\u00e9diteur ou de ses partenaires sauf mentions particuli\u00e8res. Toutes reproductions, repr\u00e9sentations, utilisations ou adaptations, sous quelque forme que ce soit, de tout ou partie de ces \u00e9l\u00e9ments, y compris les applications informatiques, sans l\u2019accord pr\u00e9alable et \u00e9crit de l\u2019\u00e9diteur, sont strictement interdites. Le fait pour l\u2019\u00e9diteur de ne pas engager de proc\u00e9dure d\u00e8s la prise de connaissance de ces utilisations non autoris\u00e9es ne vaut pas acceptation desdites utilisations et renonciations aux poursuites.<\/span><\/p>\n<p><span style=\"color: #000000;\">Seule l\u2019utilisation pour un usage priv\u00e9 dans un cercle de famille est autoris\u00e9e et toute autre utilisation est constitutive de contrefa\u00e7on<\/span><br \/>\n<span style=\"color: #000000;\">et\/ou d\u2019atteinte aux droits voisins, sanctionn\u00e9e par le Code de la Propri\u00e9t\u00e9 Intellectuelle.<\/span><\/p>\n<p><span style=\"color: #000000;\">La reprise de tout ou partie de ce contenu n\u00e9cessite l\u2019autorisation pr\u00e9alable de l\u2019\u00e9diteur ou du titulaire des droits sur ce contenu.<\/span>[\/vc_column_text][vc_column_text]<span style=\"color: #000000;\"><strong>LIENS HYPERTEXTES<\/strong><\/span><\/p>\n<p><span style=\"color: #000000;\">Le site peut contenir des liens hypertextes donnant acc\u00e8s \u00e0 d\u2019autres sites web \u00e9dit\u00e9s et g\u00e9r\u00e9s par des tiers et non par l\u2019\u00e9diteur. L\u2019\u00e9diteur ne pourra \u00eatre tenu responsable directement ou indirectement dans le cas o\u00f9 lesdits sites tiers ne respecteraient pas les dispositions l\u00e9gales.<\/span><br \/>\n<span style=\"color: #000000;\">La cr\u00e9ation de liens hypertextes vers le Site ne peut \u00eatre faite qu\u2019avec l\u2019autorisation \u00e9crite et pr\u00e9alable de l\u2019\u00e9diteur.<\/span>[\/vc_column_text][vc_column_text]<span style=\"color: #000000;\"><strong>CR\u00c9DITS PHOTOS<\/strong><\/span><\/p>\n<p><span style=\"color: #000000;\">iStock et AdobeStock<\/span>[\/vc_column_text][\/vc_column][\/vc_row]<\/p>\n<\/div>","protected":false},"excerpt":{"rendered":"<p>[vc_row][vc_column][rev_slider_vc alias=\u00a0\u00bbmentions-legales\u00a0\u00bb][\/vc_column][\/vc_row][vc_row][vc_column][vc_column_text css=\u00a0\u00bb\u00a0\u00bb]\u00c9DITION DU SITE INTERNET Le site\u00a0www.presto.fr (ci-apr\u00e8s \u00ab le site \u00bb) est \u00e9dit\u00e9 par l&rsquo;entreprise PRESTO (ci-apr\u00e8s \u00ab l\u2019\u00e9diteur \u00bb), dont le si\u00e8ge social est situ\u00e9\u00a07 rue Racine &#8211; 92542 MONTROUGE CEDEX[\/vc_column_text][vc_column_text]R\u00c9DACTION DU SITE INTERNET Directeur de la publication :\u00a0PRESTO Nom du responsable de la r\u00e9daction du site :\u00a0PRESTO Contact : \u00a0serviceweb@presto.fr[\/vc_column_text][vc_column_text]H\u00c9BERGEUR DU<\/p>\n","protected":false},"author":1,"featured_media":0,"parent":0,"menu_order":1,"comment_status":"closed","ping_status":"closed","template":"","meta":{"_acf_changed":false,"footnotes":""},"class_list":["post-154","page","type-page","status-publish","hentry"],"acf":[],"yoast_head":"<!-- This site is optimized with the Yoast SEO plugin v27.5 - https:\/\/yoast.com\/product\/yoast-seo-wordpress\/ -->\n<title>Mentions l\u00e9gales | Fabricant de robinetterie | PRESTO<\/title>\n<meta name=\"description\" content=\"Le site\u00a0www.presto.fr\u00a0(ci-apr\u00e8s \u00ab le site \u00bb) est \u00e9dit\u00e9 par l\u2019association\u00a0PRESTO dont le si\u00e8ge social est situ\u00e9\u00a07 rue Racine...\" \/>\n<meta name=\"robots\" content=\"index, follow, max-snippet:-1, max-image-preview:large, max-video-preview:-1\" \/>\n<link rel=\"canonical\" href=\"https:\/\/presto.fr\/fr\/mentions-legales\/\" \/>\n<meta property=\"og:locale\" content=\"fr_FR\" \/>\n<meta property=\"og:type\" content=\"article\" \/>\n<meta property=\"og:title\" content=\"Mentions l\u00e9gales | Fabricant de robinetterie | PRESTO\" \/>\n<meta property=\"og:description\" content=\"Le site\u00a0www.presto.fr\u00a0(ci-apr\u00e8s \u00ab le site \u00bb) est \u00e9dit\u00e9 par l\u2019association\u00a0PRESTO dont le si\u00e8ge social est situ\u00e9\u00a07 rue Racine...\" \/>\n<meta property=\"og:url\" content=\"https:\/\/presto.fr\/fr\/mentions-legales\/\" \/>\n<meta property=\"og:site_name\" content=\"Presto\" \/>\n<meta property=\"article:modified_time\" content=\"2025-09-25T09:48:55+00:00\" \/>\n<meta name=\"twitter:card\" content=\"summary_large_image\" \/>\n<meta name=\"twitter:label1\" content=\"Dur\u00e9e de lecture estim\u00e9e\" \/>\n\t<meta name=\"twitter:data1\" content=\"3 minutes\" \/>\n<script type=\"application\/ld+json\" class=\"yoast-schema-graph\">{\"@context\":\"https:\\\/\\\/schema.org\",\"@graph\":[{\"@type\":\"WebPage\",\"@id\":\"https:\\\/\\\/presto.fr\\\/fr\\\/mentions-legales\\\/\",\"url\":\"https:\\\/\\\/presto.fr\\\/fr\\\/mentions-legales\\\/\",\"name\":\"Mentions l\u00e9gales | Fabricant de robinetterie | PRESTO\",\"isPartOf\":{\"@id\":\"https:\\\/\\\/presto.fr\\\/fr\\\/#website\"},\"datePublished\":\"2020-05-17T15:10:50+00:00\",\"dateModified\":\"2025-09-25T09:48:55+00:00\",\"description\":\"Le site\u00a0www.presto.fr\u00a0(ci-apr\u00e8s \u00ab le site \u00bb) est \u00e9dit\u00e9 par l\u2019association\u00a0PRESTO dont le si\u00e8ge social est situ\u00e9\u00a07 rue Racine...\",\"breadcrumb\":{\"@id\":\"https:\\\/\\\/presto.fr\\\/fr\\\/mentions-legales\\\/#breadcrumb\"},\"inLanguage\":\"fr-FR\",\"potentialAction\":[{\"@type\":\"ReadAction\",\"target\":[\"https:\\\/\\\/presto.fr\\\/fr\\\/mentions-legales\\\/\"]}]},{\"@type\":\"BreadcrumbList\",\"@id\":\"https:\\\/\\\/presto.fr\\\/fr\\\/mentions-legales\\\/#breadcrumb\",\"itemListElement\":[{\"@type\":\"ListItem\",\"position\":1,\"name\":\"Accueil\",\"item\":\"https:\\\/\\\/presto.fr\\\/fr\\\/\"},{\"@type\":\"ListItem\",\"position\":2,\"name\":\"Mentions l\u00e9gales\"}]},{\"@type\":\"WebSite\",\"@id\":\"https:\\\/\\\/presto.fr\\\/fr\\\/#website\",\"url\":\"https:\\\/\\\/presto.fr\\\/fr\\\/\",\"name\":\"Presto\",\"description\":\"Robinetterie\",\"potentialAction\":[{\"@type\":\"SearchAction\",\"target\":{\"@type\":\"EntryPoint\",\"urlTemplate\":\"https:\\\/\\\/presto.fr\\\/fr\\\/?s={search_term_string}\"},\"query-input\":{\"@type\":\"PropertyValueSpecification\",\"valueRequired\":true,\"valueName\":\"search_term_string\"}}],\"inLanguage\":\"fr-FR\"}]}<\/script>\n<!-- \/ Yoast SEO plugin. -->","yoast_head_json":{"title":"Mentions l\u00e9gales | Fabricant de robinetterie | PRESTO","description":"Le site\u00a0www.presto.fr\u00a0(ci-apr\u00e8s \u00ab le site \u00bb) est \u00e9dit\u00e9 par l\u2019association\u00a0PRESTO dont le si\u00e8ge social est situ\u00e9\u00a07 rue Racine...","robots":{"index":"index","follow":"follow","max-snippet":"max-snippet:-1","max-image-preview":"max-image-preview:large","max-video-preview":"max-video-preview:-1"},"canonical":"https:\/\/presto.fr\/fr\/mentions-legales\/","og_locale":"fr_FR","og_type":"article","og_title":"Mentions l\u00e9gales | Fabricant de robinetterie | PRESTO","og_description":"Le site\u00a0www.presto.fr\u00a0(ci-apr\u00e8s \u00ab le site \u00bb) est \u00e9dit\u00e9 par l\u2019association\u00a0PRESTO dont le si\u00e8ge social est situ\u00e9\u00a07 rue Racine...","og_url":"https:\/\/presto.fr\/fr\/mentions-legales\/","og_site_name":"Presto","article_modified_time":"2025-09-25T09:48:55+00:00","twitter_card":"summary_large_image","twitter_misc":{"Dur\u00e9e de lecture estim\u00e9e":"3 minutes"},"schema":{"@context":"https:\/\/schema.org","@graph":[{"@type":"WebPage","@id":"https:\/\/presto.fr\/fr\/mentions-legales\/","url":"https:\/\/presto.fr\/fr\/mentions-legales\/","name":"Mentions l\u00e9gales | Fabricant de robinetterie | PRESTO","isPartOf":{"@id":"https:\/\/presto.fr\/fr\/#website"},"datePublished":"2020-05-17T15:10:50+00:00","dateModified":"2025-09-25T09:48:55+00:00","description":"Le site\u00a0www.presto.fr\u00a0(ci-apr\u00e8s \u00ab le site \u00bb) est \u00e9dit\u00e9 par l\u2019association\u00a0PRESTO dont le si\u00e8ge social est situ\u00e9\u00a07 rue Racine...","breadcrumb":{"@id":"https:\/\/presto.fr\/fr\/mentions-legales\/#breadcrumb"},"inLanguage":"fr-FR","potentialAction":[{"@type":"ReadAction","target":["https:\/\/presto.fr\/fr\/mentions-legales\/"]}]},{"@type":"BreadcrumbList","@id":"https:\/\/presto.fr\/fr\/mentions-legales\/#breadcrumb","itemListElement":[{"@type":"ListItem","position":1,"name":"Accueil","item":"https:\/\/presto.fr\/fr\/"},{"@type":"ListItem","position":2,"name":"Mentions l\u00e9gales"}]},{"@type":"WebSite","@id":"https:\/\/presto.fr\/fr\/#website","url":"https:\/\/presto.fr\/fr\/","name":"Presto","description":"Robinetterie","potentialAction":[{"@type":"SearchAction","target":{"@type":"EntryPoint","urlTemplate":"https:\/\/presto.fr\/fr\/?s={search_term_string}"},"query-input":{"@type":"PropertyValueSpecification","valueRequired":true,"valueName":"search_term_string"}}],"inLanguage":"fr-FR"}]}},"_links":{"self":[{"href":"https:\/\/presto.fr\/fr\/wp-json\/wp\/v2\/pages\/154","targetHints":{"allow":["GET"]}}],"collection":[{"href":"https:\/\/presto.fr\/fr\/wp-json\/wp\/v2\/pages"}],"about":[{"href":"https:\/\/presto.fr\/fr\/wp-json\/wp\/v2\/types\/page"}],"author":[{"embeddable":true,"href":"https:\/\/presto.fr\/fr\/wp-json\/wp\/v2\/users\/1"}],"replies":[{"embeddable":true,"href":"https:\/\/presto.fr\/fr\/wp-json\/wp\/v2\/comments?post=154"}],"version-history":[{"count":2,"href":"https:\/\/presto.fr\/fr\/wp-json\/wp\/v2\/pages\/154\/revisions"}],"predecessor-version":[{"id":9864,"href":"https:\/\/presto.fr\/fr\/wp-json\/wp\/v2\/pages\/154\/revisions\/9864"}],"wp:attachment":[{"href":"https:\/\/presto.fr\/fr\/wp-json\/wp\/v2\/media?parent=154"}],"curies":[{"name":"wp","href":"https:\/\/api.w.org\/{rel}","templated":true}]}}